{"id":594,"date":"2024-03-07T07:05:20","date_gmt":"2024-03-07T07:05:20","guid":{"rendered":"https:\/\/dev-lascumbresapart.gnahs.com\/?page_id=594"},"modified":"2025-11-06T12:32:07","modified_gmt":"2025-11-06T15:32:07","slug":"complejo-apartamentos","status":"publish","type":"page","link":"https:\/\/www.lascumbresapart.com.ar\/es\/complejo-apartamentos\/","title":{"rendered":"Las Cumbres"},"content":{"rendered":"\t\t<div data-elementor-type=\"wp-page\" data-elementor-id=\"594\" class=\"elementor elementor-594\" data-elementor-post-type=\"page\">\n\t\t\t\t<div class=\"elementor-element elementor-element-4cc78fdb e-flex e-con-boxed e-con e-parent\" data-id=\"4cc78fdb\" data-element_type=\"container\" data-settings=\"{&quot;background_background&quot;:&quot;classic&quot;}\">\n\t\t\t\t\t<div class=\"e-con-inner\">\n\t\t\t\t<div class=\"elementor-element elementor-element-7c8e4543 elementor-widget elementor-widget-heading\" data-id=\"7c8e4543\" data-element_type=\"widget\" data-widget_type=\"heading.default\">\n\t\t\t\t<div class=\"elementor-widget-container\">\n\t\t\t<style>\/*! elementor - v3.21.0 - 26-05-2024 *\/\n.elementor-heading-title{padding:0;margin:0;line-height:1}.elementor-widget-heading .elementor-heading-title[class*=elementor-size-]>a{color:inherit;font-size:inherit;line-height:inherit}.elementor-widget-heading .elementor-heading-title.elementor-size-small{font-size:15px}.elementor-widget-heading .elementor-heading-title.elementor-size-medium{font-size:19px}.elementor-widget-heading .elementor-heading-title.elementor-size-large{font-size:29px}.elementor-widget-heading .elementor-heading-title.elementor-size-xl{font-size:39px}.elementor-widget-heading .elementor-heading-title.elementor-size-xxl{font-size:59px}<\/style><div class=\"elementor-heading-title elementor-size-default\">Tu Hogar en la Patagonia Argentina<\/div>\t\t<\/div>\n\t\t\t\t<\/div>\n\t\t\t\t<div class=\"elementor-element elementor-element-55efbab elementor-icon-list--layout-inline elementor-align-center elementor-list-item-link-full_width elementor-widget elementor-widget-icon-list\" data-id=\"55efbab\" data-element_type=\"widget\" data-widget_type=\"icon-list.default\">\n\t\t\t\t<div class=\"elementor-widget-container\">\n\t\t\t<link rel=\"stylesheet\" href=\"https:\/\/www.lascumbresapart.com.ar\/wp-content\/plugins\/elementor\/assets\/css\/widget-icon-list.min.css\">\t\t<ul class=\"elementor-icon-list-items elementor-inline-items\">\n\t\t\t\t\t\t\t<li class=\"elementor-icon-list-item elementor-inline-item\">\n\t\t\t\t\t\t\t\t\t\t\t<a href=\"https:\/\/www.lascumbresapart.com.ar\/\">\n\n\t\t\t\t\t\t\t\t\t\t\t<span class=\"elementor-icon-list-text\">Home <\/span>\n\t\t\t\t\t\t\t\t\t\t\t<\/a>\n\t\t\t\t\t\t\t\t\t<\/li>\n\t\t\t\t\t\t\t\t<li class=\"elementor-icon-list-item elementor-inline-item\">\n\t\t\t\t\t\t\t\t\t\t\t<span class=\"elementor-icon-list-icon\">\n\t\t\t\t\t\t\t<svg aria-hidden=\"true\" class=\"e-font-icon-svg e-fas-chevron-right\" viewBox=\"0 0 320 512\" xmlns=\"http:\/\/www.w3.org\/2000\/svg\"><path d=\"M285.476 272.971L91.132 467.314c-9.373 9.373-24.569 9.373-33.941 0l-22.667-22.667c-9.357-9.357-9.375-24.522-.04-33.901L188.505 256 34.484 101.255c-9.335-9.379-9.317-24.544.04-33.901l22.667-22.667c9.373-9.373 24.569-9.373 33.941 0L285.475 239.03c9.373 9.372 9.373 24.568.001 33.941z\"><\/path><\/svg>\t\t\t\t\t\t<\/span>\n\t\t\t\t\t\t\t\t\t\t<span class=\"elementor-icon-list-text\">Las Cumbres<\/span>\n\t\t\t\t\t\t\t\t\t<\/li>\n\t\t\t\t\t\t<\/ul>\n\t\t\t\t<\/div>\n\t\t\t\t<\/div>\n\t\t\t\t\t<\/div>\n\t\t\t\t<\/div>\n\t\t<div class=\"elementor-element elementor-element-ab97e43 e-flex e-con-boxed e-con e-parent\" data-id=\"ab97e43\" data-element_type=\"container\" data-settings=\"{&quot;motion_fx_motion_fx_scrolling&quot;:&quot;yes&quot;,&quot;motion_fx_translateY_effect&quot;:&quot;yes&quot;,&quot;motion_fx_devices&quot;:[&quot;desktop&quot;,&quot;tablet&quot;],&quot;motion_fx_translateY_speed&quot;:{&quot;unit&quot;:&quot;px&quot;,&quot;size&quot;:4,&quot;sizes&quot;:[]},&quot;motion_fx_translateY_affectedRange&quot;:{&quot;unit&quot;:&quot;%&quot;,&quot;size&quot;:&quot;&quot;,&quot;sizes&quot;:{&quot;start&quot;:0,&quot;end&quot;:100}}}\">\n\t\t\t\t\t<div class=\"e-con-inner\">\n\t\t<div class=\"elementor-element elementor-element-40a786c1 e-flex e-con-boxed e-con e-child\" data-id=\"40a786c1\" data-element_type=\"container\">\n\t\t\t\t\t<div class=\"e-con-inner\">\n\t\t\t\t<div class=\"elementor-element elementor-element-226d9e30 elementor-widget elementor-widget-heading\" data-id=\"226d9e30\" data-element_type=\"widget\" data-widget_type=\"heading.default\">\n\t\t\t\t<div class=\"elementor-widget-container\">\n\t\t\t<div class=\"elementor-heading-title elementor-size-default\">Las Cumbres Apart & Suites<\/div>\t\t<\/div>\n\t\t\t\t<\/div>\n\t\t\t\t<div class=\"elementor-element elementor-element-6ff70d69 elementor-widget elementor-widget-heading\" data-id=\"6ff70d69\" data-element_type=\"widget\" data-widget_type=\"heading.default\">\n\t\t\t\t<div class=\"elementor-widget-container\">\n\t\t\t<h1 class=\"elementor-heading-title elementor-size-default\">Complejo de apartamentos en San Mart\u00edn de los Andes<\/h1>\t\t<\/div>\n\t\t\t\t<\/div>\n\t\t\t\t<div class=\"elementor-element elementor-element-167a18e elementor-widget elementor-widget-text-editor\" data-id=\"167a18e\" data-element_type=\"widget\" data-widget_type=\"text-editor.default\">\n\t\t\t\t<div class=\"elementor-widget-container\">\n\t\t\t<style>\/*! elementor - v3.21.0 - 26-05-2024 *\/\n.elementor-widget-text-editor.elementor-drop-cap-view-stacked .elementor-drop-cap{background-color:#69727d;color:#fff}.elementor-widget-text-editor.elementor-drop-cap-view-framed .elementor-drop-cap{color:#69727d;border:3px solid;background-color:transparent}.elementor-widget-text-editor:not(.elementor-drop-cap-view-default) .elementor-drop-cap{margin-top:8px}.elementor-widget-text-editor:not(.elementor-drop-cap-view-default) .elementor-drop-cap-letter{width:1em;height:1em}.elementor-widget-text-editor .elementor-drop-cap{float:left;text-align:center;line-height:1;font-size:50px}.elementor-widget-text-editor .elementor-drop-cap-letter{display:inline-block}<\/style>\t\t\t\t<p>Dise\u00f1ado para satisfacer todas tus necesidades, incluso las de los m\u00e1s peque\u00f1os, te invitamos a sumergirte en un ambiente de tranquilidad y esparcimiento, donde encontrar\u00e1s <strong>todas las comodidades para sentirte como en casa<\/strong>.<\/p><p>Situado en Altos del Sol, un enclave exclusivo con vistas al cerro Chapelco, nuestro complejo se encuentra a solo 7 cuadras del bullicio del centro comercial de la ciudad. Esta <strong>ubicaci\u00f3n privilegiada<\/strong> lo convierte en el refugio ideal para aquellos que buscan tranquilidad sin renunciar a la cercan\u00eda de la vida urbana.<\/p>\t\t\t\t\t\t<\/div>\n\t\t\t\t<\/div>\n\t\t<div class=\"elementor-element elementor-element-492fdd8 e-grid e-con-boxed e-con e-child\" data-id=\"492fdd8\" data-element_type=\"container\">\n\t\t\t\t\t<div class=\"e-con-inner\">\n\t\t\t\t<div class=\"elementor-element elementor-element-18ad0b9 jkit-equal-height-disable elementor-widget elementor-widget-jkit_icon_box\" data-id=\"18ad0b9\" data-element_type=\"widget\" data-widget_type=\"jkit_icon_box.default\">\n\t\t\t\t<div class=\"elementor-widget-container\">\n\t\t\t<div  class=\"jeg-elementor-kit jkit-icon-box icon-position-top elementor-animation- jeg_module___69f5b791bea47\" ><div class=\"jkit-icon-box-wrapper hover-from-left\"><div class=\"icon-box icon-box-header elementor-animation-\"><div class=\"icon style-color\"><svg aria-hidden=\"true\" class=\"e-font-icon-svg e-fas-swimming-pool\" viewBox=\"0 0 640 512\" xmlns=\"http:\/\/www.w3.org\/2000\/svg\"><path d=\"M624 416h-16c-26.04 0-45.8-8.42-56.09-17.9-8.9-8.21-19.66-14.1-31.77-14.1h-16.3c-12.11 0-22.87 5.89-31.77 14.1C461.8 407.58 442.04 416 416 416s-45.8-8.42-56.09-17.9c-8.9-8.21-19.66-14.1-31.77-14.1h-16.3c-12.11 0-22.87 5.89-31.77 14.1C269.8 407.58 250.04 416 224 416s-45.8-8.42-56.09-17.9c-8.9-8.21-19.66-14.1-31.77-14.1h-16.3c-12.11 0-22.87 5.89-31.77 14.1C77.8 407.58 58.04 416 32 416H16c-8.84 0-16 7.16-16 16v32c0 8.84 7.16 16 16 16h16c38.62 0 72.72-12.19 96-31.84 23.28 19.66 57.38 31.84 96 31.84s72.72-12.19 96-31.84c23.28 19.66 57.38 31.84 96 31.84s72.72-12.19 96-31.84c23.28 19.66 57.38 31.84 96 31.84h16c8.84 0 16-7.16 16-16v-32c0-8.84-7.16-16-16-16zm-400-32v-96h192v96c19.12 0 30.86-6.16 34.39-9.42 9.17-8.46 19.2-14.34 29.61-18.07V128c0-17.64 14.36-32 32-32s32 14.36 32 32v16c0 8.84 7.16 16 16 16h32c8.84 0 16-7.16 16-16v-16c0-52.94-43.06-96-96-96s-96 43.06-96 96v96H224v-96c0-17.64 14.36-32 32-32s32 14.36 32 32v16c0 8.84 7.16 16 16 16h32c8.84 0 16-7.16 16-16v-16c0-52.94-43.06-96-96-96s-96 43.06-96 96v228.5c10.41 3.73 20.44 9.62 29.61 18.07 3.53 3.27 15.27 9.43 34.39 9.43z\"><\/path><\/svg><\/div><\/div><div class=\"icon-box icon-box-body\">\n                <h2 class=\"title\">Descubre unos servicios de lujo<\/h2><p class=\"icon-box-description\">Ven a disfrutar de unos servicios totalmente personalizados y dise\u00f1ados para tu confort<\/p>\n            <\/div>\n            \n            <\/div><\/div>\t\t<\/div>\n\t\t\t\t<\/div>\n\t\t\t\t<div class=\"elementor-element elementor-element-0f3844b jkit-equal-height-disable elementor-widget elementor-widget-jkit_icon_box\" data-id=\"0f3844b\" data-element_type=\"widget\" data-widget_type=\"jkit_icon_box.default\">\n\t\t\t\t<div class=\"elementor-widget-container\">\n\t\t\t<div  class=\"jeg-elementor-kit jkit-icon-box icon-position-top elementor-animation- jeg_module__1_69f5b791bf232\" ><div class=\"jkit-icon-box-wrapper hover-from-left\"><div class=\"icon-box icon-box-header elementor-animation-\"><div class=\"icon style-color\"><svg aria-hidden=\"true\" class=\"e-font-icon-svg e-fas-spa\" viewBox=\"0 0 576 512\" xmlns=\"http:\/\/www.w3.org\/2000\/svg\"><path d=\"M568.25 192c-29.04.13-135.01 6.16-213.84 83-33.12 29.63-53.36 63.3-66.41 94.86-13.05-31.56-33.29-65.23-66.41-94.86-78.83-76.84-184.8-82.87-213.84-83-4.41-.02-7.79 3.4-7.75 7.82.23 27.92 7.14 126.14 88.77 199.3C172.79 480.94 256 480 288 480s115.19.95 199.23-80.88c81.64-73.17 88.54-171.38 88.77-199.3.04-4.42-3.34-7.84-7.75-7.82zM287.98 302.6c12.82-18.85 27.6-35.78 44.09-50.52 19.09-18.61 39.58-33.3 60.26-45.18-16.44-70.5-51.72-133.05-96.73-172.22-4.11-3.58-11.02-3.58-15.14 0-44.99 39.14-80.27 101.63-96.74 172.07 20.37 11.7 40.5 26.14 59.22 44.39a282.768 282.768 0 0 1 45.04 51.46z\"><\/path><\/svg><\/div><\/div><div class=\"icon-box icon-box-body\">\n                <h2 class=\"title\">Vive una escapada de relax<\/h2><p class=\"icon-box-description\">Disfruta de la naturaleza y de unas instalaciones dise\u00f1adas para tu relax<\/p>\n            <\/div>\n            \n            <\/div><\/div>\t\t<\/div>\n\t\t\t\t<\/div>\n\t\t\t\t\t<\/div>\n\t\t\t\t<\/div>\n\t\t\t\t<div class=\"elementor-element elementor-element-1615a86 elementor-widget elementor-widget-text-editor\" data-id=\"1615a86\" data-element_type=\"widget\" data-widget_type=\"text-editor.default\">\n\t\t\t\t<div class=\"elementor-widget-container\">\n\t\t\t\t\t\t\t<p><strong>Las Cumbres Apart &amp; Suites<\/strong> te ofrece una experiencia \u00fanica en apartamentos de estilo patag\u00f3nico. Fusionando la calidez y atenci\u00f3n personalizada de un hotel boutique con la comodidad de una caba\u00f1a en la monta\u00f1a, nuestro complejo es el lugar perfecto para relajarte y disfrutar en familia o con amigos.<\/p>\t\t\t\t\t\t<\/div>\n\t\t\t\t<\/div>\n\t\t\t\t\t<\/div>\n\t\t\t\t<\/div>\n\t\t\t\t\t<\/div>\n\t\t\t\t<\/div>\n\t\t<div class=\"elementor-element elementor-element-c238977 e-flex e-con-boxed e-con e-parent\" data-id=\"c238977\" data-element_type=\"container\">\n\t\t\t\t\t<div class=\"e-con-inner\">\n\t\t\t\t<div class=\"elementor-element elementor-element-a3319fc elementor-skin-slideshow elementor-arrows-yes elementor-widget elementor-widget-media-carousel\" data-id=\"a3319fc\" data-element_type=\"widget\" data-settings=\"{&quot;skin&quot;:&quot;slideshow&quot;,&quot;lazyload&quot;:&quot;yes&quot;,&quot;effect&quot;:&quot;slide&quot;,&quot;show_arrows&quot;:&quot;yes&quot;,&quot;speed&quot;:500,&quot;autoplay&quot;:&quot;yes&quot;,&quot;autoplay_speed&quot;:5000,&quot;loop&quot;:&quot;yes&quot;,&quot;pause_on_hover&quot;:&quot;yes&quot;,&quot;pause_on_interaction&quot;:&quot;yes&quot;,&quot;space_between&quot;:{&quot;unit&quot;:&quot;px&quot;,&quot;size&quot;:10,&quot;sizes&quot;:[]},&quot;space_between_tablet&quot;:{&quot;unit&quot;:&quot;px&quot;,&quot;size&quot;:10,&quot;sizes&quot;:[]},&quot;space_between_mobile&quot;:{&quot;unit&quot;:&quot;px&quot;,&quot;size&quot;:10,&quot;sizes&quot;:[]}}\" data-widget_type=\"media-carousel.default\">\n\t\t\t\t<div class=\"elementor-widget-container\">\n\t\t\t<link rel=\"stylesheet\" href=\"https:\/\/www.lascumbresapart.com.ar\/wp-content\/plugins\/elementor-pro\/assets\/css\/widget-carousel.min.css\">\t\t<div class=\"elementor-swiper\">\n\t\t\t<div class=\"elementor-main-swiper swiper\">\n\t\t\t\t<div class=\"swiper-wrapper\">\n\t\t\t\t\t\t\t\t\t\t\t<div class=\"swiper-slide\">\n\t\t\t\t\t\t\t\t\t<div class=\"elementor-carousel-image swiper-lazy\" role=\"img\" aria-label=\"1-pileta-exterior-apart-suites-las-cumbres-san-martin-de-los-andes-argentina\" data-background=\"https:\/\/www.lascumbresapart.com.ar\/wp-content\/uploads\/2025\/11\/1-pileta-exterior-apart-suites-las-cumbres-san-martin-de-los-andes-argentina-2.jpeg\">\n\n\t\t\t\t\t\t\t<div class=\"swiper-lazy-preloader\"><\/div>\n\t\t\t\n\t\t\t\t\t<\/div>\n\t\t\t\t\t\t\t\t<\/div>\n\t\t\t\t\t\t\t\t\t\t\t<div class=\"swiper-slide\">\n\t\t\t\t\t\t\t\t\t<div class=\"elementor-carousel-image swiper-lazy\" role=\"img\" aria-label=\"2-terraza-exterior-apart-suites-las-cumbres-san-martin-de-los-andes-argentina\" data-background=\"https:\/\/www.lascumbresapart.com.ar\/wp-content\/uploads\/2025\/11\/2-terraza-exterior-apart-suites-las-cumbres-san-martin-de-los-andes-argentina-1-scaled.jpg\">\n\n\t\t\t\t\t\t\t<div class=\"swiper-lazy-preloader\"><\/div>\n\t\t\t\n\t\t\t\t\t<\/div>\n\t\t\t\t\t\t\t\t<\/div>\n\t\t\t\t\t\t\t\t\t\t\t<div class=\"swiper-slide\">\n\t\t\t\t\t\t\t\t\t<div class=\"elementor-carousel-image swiper-lazy\" role=\"img\" aria-label=\"3-cabana-interior-apart-suites-las-cumbres-san-martin-de-los-andes-argentina\" data-background=\"https:\/\/www.lascumbresapart.com.ar\/wp-content\/uploads\/2025\/11\/3-cabana-interior-apart-suites-las-cumbres-san-martin-de-los-andes-argentina-1-scaled.jpg\">\n\n\t\t\t\t\t\t\t<div class=\"swiper-lazy-preloader\"><\/div>\n\t\t\t\n\t\t\t\t\t<\/div>\n\t\t\t\t\t\t\t\t<\/div>\n\t\t\t\t\t\t\t\t\t\t\t<div class=\"swiper-slide\">\n\t\t\t\t\t\t\t\t\t<div class=\"elementor-carousel-image swiper-lazy\" role=\"img\" aria-label=\"4-habitacion-principal-cama-doble-apart-suites-las-cumbres-san-martin-de-los-andes-argentina\" data-background=\"https:\/\/www.lascumbresapart.com.ar\/wp-content\/uploads\/2025\/11\/4-habitacion-principal-cama-doble-apart-suites-las-cumbres-san-martin-de-los-andes-argentina-1-scaled.jpg\">\n\n\t\t\t\t\t\t\t<div class=\"swiper-lazy-preloader\"><\/div>\n\t\t\t\n\t\t\t\t\t<\/div>\n\t\t\t\t\t\t\t\t<\/div>\n\t\t\t\t\t\t\t\t\t\t\t<div class=\"swiper-slide\">\n\t\t\t\t\t\t\t\t\t<div class=\"elementor-carousel-image swiper-lazy\" role=\"img\" aria-label=\"5-habitacion-dos-camas-apart-suites-las-cumbres-san-martin-de-los-andes-argentina\" data-background=\"https:\/\/www.lascumbresapart.com.ar\/wp-content\/uploads\/2025\/11\/5-habitacion-dos-camas-apart-suites-las-cumbres-san-martin-de-los-andes-argentina-1-scaled.jpg\">\n\n\t\t\t\t\t\t\t<div class=\"swiper-lazy-preloader\"><\/div>\n\t\t\t\n\t\t\t\t\t<\/div>\n\t\t\t\t\t\t\t\t<\/div>\n\t\t\t\t\t\t\t\t\t\t\t<div class=\"swiper-slide\">\n\t\t\t\t\t\t\t\t\t<div class=\"elementor-carousel-image swiper-lazy\" role=\"img\" aria-label=\"6-cocina-apart-suites-las-cumbres-san-martin-de-los-andes-argentina\" data-background=\"https:\/\/www.lascumbresapart.com.ar\/wp-content\/uploads\/2025\/11\/6-cocina-apart-suites-las-cumbres-san-martin-de-los-andes-argentina-1-scaled.jpg\">\n\n\t\t\t\t\t\t\t<div class=\"swiper-lazy-preloader\"><\/div>\n\t\t\t\n\t\t\t\t\t<\/div>\n\t\t\t\t\t\t\t\t<\/div>\n\t\t\t\t\t\t\t\t\t\t\t<div class=\"swiper-slide\">\n\t\t\t\t\t\t\t\t\t<div class=\"elementor-carousel-image swiper-lazy\" role=\"img\" aria-label=\"7-exteriores-apart-suites-las-cumbres-san-martin-de-los-andes-argentina\" data-background=\"https:\/\/www.lascumbresapart.com.ar\/wp-content\/uploads\/2025\/11\/7-exteriores-apart-suites-las-cumbres-san-martin-de-los-andes-argentina-1-scaled.jpg\">\n\n\t\t\t\t\t\t\t<div class=\"swiper-lazy-preloader\"><\/div>\n\t\t\t\n\t\t\t\t\t<\/div>\n\t\t\t\t\t\t\t\t<\/div>\n\t\t\t\t\t\t\t\t\t<\/div>\n\t\t\t\t\t\t\t\t\t\t\t\t\t\t\t\t\t\t\t\t<div class=\"elementor-swiper-button elementor-swiper-button-prev\" role=\"button\" tabindex=\"0\">\n\t\t\t\t\t\t\t<svg aria-hidden=\"true\" class=\"e-font-icon-svg e-eicon-chevron-left\" viewBox=\"0 0 1000 1000\" xmlns=\"http:\/\/www.w3.org\/2000\/svg\"><path d=\"M646 125C629 125 613 133 604 142L308 442C296 454 292 471 292 487 292 504 296 521 308 533L604 854C617 867 629 875 646 875 663 875 679 871 692 858 704 846 713 829 713 812 713 796 708 779 692 767L438 487 692 225C700 217 708 204 708 187 708 171 704 154 692 142 675 129 663 125 646 125Z\"><\/path><\/svg>\t\t\t\t\t\t\t<span class=\"elementor-screen-only\">Anterior<\/span>\n\t\t\t\t\t\t<\/div>\n\t\t\t\t\t\t<div class=\"elementor-swiper-button elementor-swiper-button-next\" role=\"button\" tabindex=\"0\">\n\t\t\t\t\t\t\t<svg aria-hidden=\"true\" class=\"e-font-icon-svg e-eicon-chevron-right\" viewBox=\"0 0 1000 1000\" xmlns=\"http:\/\/www.w3.org\/2000\/svg\"><path d=\"M696 533C708 521 713 504 713 487 713 471 708 454 696 446L400 146C388 133 375 125 354 125 338 125 325 129 313 142 300 154 292 171 292 187 292 204 296 221 308 233L563 492 304 771C292 783 288 800 288 817 288 833 296 850 308 863 321 871 338 875 354 875 371 875 388 867 400 854L696 533Z\"><\/path><\/svg>\t\t\t\t\t\t\t<span class=\"elementor-screen-only\">Siguiente<\/span>\n\t\t\t\t\t\t<\/div>\n\t\t\t\t\t\t\t\t\t\t\t\t<\/div>\n\t\t<\/div>\n\t\t\t\t<div class=\"elementor-swiper\">\n\t\t\t<div class=\"elementor-thumbnails-swiper swiper\">\n\t\t\t\t<div class=\"swiper-wrapper\">\n\t\t\t\t\t\t\t\t\t\t\t<div class=\"swiper-slide\">\n\t\t\t\t\t\t\t\t\t<div class=\"elementor-carousel-image swiper-lazy\" role=\"img\" aria-label=\"1-pileta-exterior-apart-suites-las-cumbres-san-martin-de-los-andes-argentina\" data-background=\"https:\/\/www.lascumbresapart.com.ar\/wp-content\/uploads\/2025\/11\/1-pileta-exterior-apart-suites-las-cumbres-san-martin-de-los-andes-argentina-2.jpeg\">\n\n\t\t\t\t\t\t\t<div class=\"swiper-lazy-preloader\"><\/div>\n\t\t\t\n\t\t\t\t\t<\/div>\n\t\t\t\t\t\t\t\t<\/div>\n\t\t\t\t\t\t\t\t\t\t\t<div class=\"swiper-slide\">\n\t\t\t\t\t\t\t\t\t<div class=\"elementor-carousel-image swiper-lazy\" role=\"img\" aria-label=\"2-terraza-exterior-apart-suites-las-cumbres-san-martin-de-los-andes-argentina\" data-background=\"https:\/\/www.lascumbresapart.com.ar\/wp-content\/uploads\/2025\/11\/2-terraza-exterior-apart-suites-las-cumbres-san-martin-de-los-andes-argentina-1-scaled.jpg\">\n\n\t\t\t\t\t\t\t<div class=\"swiper-lazy-preloader\"><\/div>\n\t\t\t\n\t\t\t\t\t<\/div>\n\t\t\t\t\t\t\t\t<\/div>\n\t\t\t\t\t\t\t\t\t\t\t<div class=\"swiper-slide\">\n\t\t\t\t\t\t\t\t\t<div class=\"elementor-carousel-image swiper-lazy\" role=\"img\" aria-label=\"3-cabana-interior-apart-suites-las-cumbres-san-martin-de-los-andes-argentina\" data-background=\"https:\/\/www.lascumbresapart.com.ar\/wp-content\/uploads\/2025\/11\/3-cabana-interior-apart-suites-las-cumbres-san-martin-de-los-andes-argentina-1-scaled.jpg\">\n\n\t\t\t\t\t\t\t<div class=\"swiper-lazy-preloader\"><\/div>\n\t\t\t\n\t\t\t\t\t<\/div>\n\t\t\t\t\t\t\t\t<\/div>\n\t\t\t\t\t\t\t\t\t\t\t<div class=\"swiper-slide\">\n\t\t\t\t\t\t\t\t\t<div class=\"elementor-carousel-image swiper-lazy\" role=\"img\" aria-label=\"4-habitacion-principal-cama-doble-apart-suites-las-cumbres-san-martin-de-los-andes-argentina\" data-background=\"https:\/\/www.lascumbresapart.com.ar\/wp-content\/uploads\/2025\/11\/4-habitacion-principal-cama-doble-apart-suites-las-cumbres-san-martin-de-los-andes-argentina-1-scaled.jpg\">\n\n\t\t\t\t\t\t\t<div class=\"swiper-lazy-preloader\"><\/div>\n\t\t\t\n\t\t\t\t\t<\/div>\n\t\t\t\t\t\t\t\t<\/div>\n\t\t\t\t\t\t\t\t\t\t\t<div class=\"swiper-slide\">\n\t\t\t\t\t\t\t\t\t<div class=\"elementor-carousel-image swiper-lazy\" role=\"img\" aria-label=\"5-habitacion-dos-camas-apart-suites-las-cumbres-san-martin-de-los-andes-argentina\" data-background=\"https:\/\/www.lascumbresapart.com.ar\/wp-content\/uploads\/2025\/11\/5-habitacion-dos-camas-apart-suites-las-cumbres-san-martin-de-los-andes-argentina-1-scaled.jpg\">\n\n\t\t\t\t\t\t\t<div class=\"swiper-lazy-preloader\"><\/div>\n\t\t\t\n\t\t\t\t\t<\/div>\n\t\t\t\t\t\t\t\t<\/div>\n\t\t\t\t\t\t\t\t\t\t\t<div class=\"swiper-slide\">\n\t\t\t\t\t\t\t\t\t<div class=\"elementor-carousel-image swiper-lazy\" role=\"img\" aria-label=\"6-cocina-apart-suites-las-cumbres-san-martin-de-los-andes-argentina\" data-background=\"https:\/\/www.lascumbresapart.com.ar\/wp-content\/uploads\/2025\/11\/6-cocina-apart-suites-las-cumbres-san-martin-de-los-andes-argentina-1-scaled.jpg\">\n\n\t\t\t\t\t\t\t<div class=\"swiper-lazy-preloader\"><\/div>\n\t\t\t\n\t\t\t\t\t<\/div>\n\t\t\t\t\t\t\t\t<\/div>\n\t\t\t\t\t\t\t\t\t\t\t<div class=\"swiper-slide\">\n\t\t\t\t\t\t\t\t\t<div class=\"elementor-carousel-image swiper-lazy\" role=\"img\" aria-label=\"7-exteriores-apart-suites-las-cumbres-san-martin-de-los-andes-argentina\" data-background=\"https:\/\/www.lascumbresapart.com.ar\/wp-content\/uploads\/2025\/11\/7-exteriores-apart-suites-las-cumbres-san-martin-de-los-andes-argentina-1-scaled.jpg\">\n\n\t\t\t\t\t\t\t<div class=\"swiper-lazy-preloader\"><\/div>\n\t\t\t\n\t\t\t\t\t<\/div>\n\t\t\t\t\t\t\t\t<\/div>\n\t\t\t\t\t\t\t\t\t<\/div>\n\t\t\t\t\t\t\t\t\t\t\t\t\t\t\t\t\t\t\t\t\t<\/div>\n\t\t<\/div>\n\t\t\t\t<\/div>\n\t\t\t\t<\/div>\n\t\t\t\t\t<\/div>\n\t\t\t\t<\/div>\n\t\t\t\t<\/div>\n\t\t","protected":false},"excerpt":{"rendered":"<p>Tu Hogar en la Patagonia Argentina Home Las Cumbres Las Cumbres Apart &#038; Suites Complejo de apartamentos en San Mart\u00edn de los Andes Dise\u00f1ado para satisfacer todas tus necesidades, incluso las de los m\u00e1s peque\u00f1os, te invitamos a sumergirte en un ambiente de tranquilidad y esparcimiento, donde encontrar\u00e1s todas las comodidades para sentirte como en [&hellip;]<\/p>\n","protected":false},"author":4,"featured_media":0,"parent":0,"menu_order":44,"comment_status":"closed","ping_status":"closed","template":"","meta":{"footnotes":""},"class_list":["post-594","page","type-page","status-publish","hentry"],"yoast_head":"<!-- This site is optimized with the Yoast SEO Premium plugin v22.8 (Yoast SEO v22.8) - https:\/\/yoast.com\/wordpress\/plugins\/seo\/ -->\n<title>Complejo de apartamentos - Las Cumbres Apart &amp; Suites<\/title>\n<meta name=\"description\" content=\"Las Cumbres Apart &amp; Suites es un complejo de apartamentos en San Mart\u00edn de los Andes, Patagonia. Junto al Lago L\u00e1car y cerca del Cerro Chapelco.\" \/>\n<meta name=\"robots\" content=\"index, follow, max-snippet:-1, max-image-preview:large, max-video-preview:-1\" \/>\n<link rel=\"canonical\" href=\"https:\/\/www.lascumbresapart.com.ar\/es\/complejo-apartamentos\/\" \/>\n<meta property=\"og:locale\" content=\"es_ES\" \/>\n<meta property=\"og:type\" content=\"article\" \/>\n<meta property=\"og:title\" content=\"Las Cumbres\" \/>\n<meta property=\"og:description\" content=\"Las Cumbres Apart &amp; Suites es un complejo de apartamentos en San Mart\u00edn de los Andes, Patagonia. Junto al Lago L\u00e1car y cerca del Cerro Chapelco.\" \/>\n<meta property=\"og:url\" content=\"https:\/\/www.lascumbresapart.com.ar\/es\/complejo-apartamentos\/\" \/>\n<meta property=\"og:site_name\" content=\"Las Cumbres Apart &amp; Suites\" \/>\n<meta property=\"article:modified_time\" content=\"2025-11-06T15:32:07+00:00\" \/>\n<meta property=\"og:image\" content=\"https:\/\/www.lascumbresapart.com.ar\/wp-content\/uploads\/2024\/08\/piscina.webp\" \/>\n\t<meta property=\"og:image:width\" content=\"1280\" \/>\n\t<meta property=\"og:image:height\" content=\"718\" \/>\n\t<meta property=\"og:image:type\" content=\"image\/webp\" \/>\n<meta name=\"twitter:card\" content=\"summary_large_image\" \/>\n<meta name=\"twitter:label1\" content=\"Tiempo de lectura\" \/>\n\t<meta name=\"twitter:data1\" content=\"1 minuto\" \/>\n<script type=\"application\/ld+json\" class=\"yoast-schema-graph\">{\"@context\":\"https:\/\/schema.org\",\"@graph\":[{\"@type\":\"WebPage\",\"@id\":\"https:\/\/www.lascumbresapart.com.ar\/es\/complejo-apartamentos\/\",\"url\":\"https:\/\/www.lascumbresapart.com.ar\/es\/complejo-apartamentos\/\",\"name\":\"Complejo de apartamentos - Las Cumbres Apart & Suites\",\"isPartOf\":{\"@id\":\"https:\/\/www.lascumbresapart.com.ar\/es\/#website\"},\"datePublished\":\"2024-03-07T07:05:20+00:00\",\"dateModified\":\"2025-11-06T15:32:07+00:00\",\"description\":\"Las Cumbres Apart & Suites es un complejo de apartamentos en San Mart\u00edn de los Andes, Patagonia. Junto al Lago L\u00e1car y cerca del Cerro Chapelco.\",\"breadcrumb\":{\"@id\":\"https:\/\/www.lascumbresapart.com.ar\/es\/complejo-apartamentos\/#breadcrumb\"},\"inLanguage\":\"es\",\"potentialAction\":[{\"@type\":\"ReadAction\",\"target\":[\"https:\/\/www.lascumbresapart.com.ar\/es\/complejo-apartamentos\/\"]}]},{\"@type\":\"BreadcrumbList\",\"@id\":\"https:\/\/www.lascumbresapart.com.ar\/es\/complejo-apartamentos\/#breadcrumb\",\"itemListElement\":[{\"@type\":\"ListItem\",\"position\":1,\"name\":\"Home\",\"item\":\"https:\/\/www.lascumbresapart.com.ar\/es\/\"},{\"@type\":\"ListItem\",\"position\":2,\"name\":\"Las Cumbres\"}]},{\"@type\":\"WebSite\",\"@id\":\"https:\/\/www.lascumbresapart.com.ar\/es\/#website\",\"url\":\"https:\/\/www.lascumbresapart.com.ar\/es\/\",\"name\":\"Las Cumbres Apart &amp; Suites\",\"description\":\"\",\"publisher\":{\"@id\":\"https:\/\/www.lascumbresapart.com.ar\/es\/#organization\"},\"potentialAction\":[{\"@type\":\"SearchAction\",\"target\":{\"@type\":\"EntryPoint\",\"urlTemplate\":\"https:\/\/www.lascumbresapart.com.ar\/es\/?s={search_term_string}\"},\"query-input\":\"required name=search_term_string\"}],\"inLanguage\":\"es\"},{\"@type\":\"Organization\",\"@id\":\"https:\/\/www.lascumbresapart.com.ar\/es\/#organization\",\"name\":\"Las Cumbres Apart &amp; Suites\",\"url\":\"https:\/\/www.lascumbresapart.com.ar\/es\/\",\"logo\":{\"@type\":\"ImageObject\",\"inLanguage\":\"es\",\"@id\":\"https:\/\/www.lascumbresapart.com.ar\/es\/#\/schema\/logo\/image\/\",\"url\":\"https:\/\/www.lascumbresapart.com.ar\/wp-content\/uploads\/2024\/02\/las-cumbres-horitzontal-white.svg\",\"contentUrl\":\"https:\/\/www.lascumbresapart.com.ar\/wp-content\/uploads\/2024\/02\/las-cumbres-horitzontal-white.svg\",\"caption\":\"Las Cumbres Apart &amp; Suites\"},\"image\":{\"@id\":\"https:\/\/www.lascumbresapart.com.ar\/es\/#\/schema\/logo\/image\/\"}}]}<\/script>\n<!-- \/ Yoast SEO Premium plugin. -->","yoast_head_json":{"title":"Complejo de apartamentos - Las Cumbres Apart & Suites","description":"Las Cumbres Apart & Suites es un complejo de apartamentos en San Mart\u00edn de los Andes, Patagonia. Junto al Lago L\u00e1car y cerca del Cerro Chapelco.","robots":{"index":"index","follow":"follow","max-snippet":"max-snippet:-1","max-image-preview":"max-image-preview:large","max-video-preview":"max-video-preview:-1"},"canonical":"https:\/\/www.lascumbresapart.com.ar\/es\/complejo-apartamentos\/","og_locale":"es_ES","og_type":"article","og_title":"Las Cumbres","og_description":"Las Cumbres Apart & Suites es un complejo de apartamentos en San Mart\u00edn de los Andes, Patagonia. Junto al Lago L\u00e1car y cerca del Cerro Chapelco.","og_url":"https:\/\/www.lascumbresapart.com.ar\/es\/complejo-apartamentos\/","og_site_name":"Las Cumbres Apart &amp; Suites","article_modified_time":"2025-11-06T15:32:07+00:00","og_image":[{"width":1280,"height":718,"url":"https:\/\/www.lascumbresapart.com.ar\/wp-content\/uploads\/2024\/08\/piscina.webp","type":"image\/webp"}],"twitter_card":"summary_large_image","twitter_misc":{"Tiempo de lectura":"1 minuto"},"schema":{"@context":"https:\/\/schema.org","@graph":[{"@type":"WebPage","@id":"https:\/\/www.lascumbresapart.com.ar\/es\/complejo-apartamentos\/","url":"https:\/\/www.lascumbresapart.com.ar\/es\/complejo-apartamentos\/","name":"Complejo de apartamentos - Las Cumbres Apart & Suites","isPartOf":{"@id":"https:\/\/www.lascumbresapart.com.ar\/es\/#website"},"datePublished":"2024-03-07T07:05:20+00:00","dateModified":"2025-11-06T15:32:07+00:00","description":"Las Cumbres Apart & Suites es un complejo de apartamentos en San Mart\u00edn de los Andes, Patagonia. Junto al Lago L\u00e1car y cerca del Cerro Chapelco.","breadcrumb":{"@id":"https:\/\/www.lascumbresapart.com.ar\/es\/complejo-apartamentos\/#breadcrumb"},"inLanguage":"es","potentialAction":[{"@type":"ReadAction","target":["https:\/\/www.lascumbresapart.com.ar\/es\/complejo-apartamentos\/"]}]},{"@type":"BreadcrumbList","@id":"https:\/\/www.lascumbresapart.com.ar\/es\/complejo-apartamentos\/#breadcrumb","itemListElement":[{"@type":"ListItem","position":1,"name":"Home","item":"https:\/\/www.lascumbresapart.com.ar\/es\/"},{"@type":"ListItem","position":2,"name":"Las Cumbres"}]},{"@type":"WebSite","@id":"https:\/\/www.lascumbresapart.com.ar\/es\/#website","url":"https:\/\/www.lascumbresapart.com.ar\/es\/","name":"Las Cumbres Apart &amp; Suites","description":"","publisher":{"@id":"https:\/\/www.lascumbresapart.com.ar\/es\/#organization"},"potentialAction":[{"@type":"SearchAction","target":{"@type":"EntryPoint","urlTemplate":"https:\/\/www.lascumbresapart.com.ar\/es\/?s={search_term_string}"},"query-input":"required name=search_term_string"}],"inLanguage":"es"},{"@type":"Organization","@id":"https:\/\/www.lascumbresapart.com.ar\/es\/#organization","name":"Las Cumbres Apart &amp; Suites","url":"https:\/\/www.lascumbresapart.com.ar\/es\/","logo":{"@type":"ImageObject","inLanguage":"es","@id":"https:\/\/www.lascumbresapart.com.ar\/es\/#\/schema\/logo\/image\/","url":"https:\/\/www.lascumbresapart.com.ar\/wp-content\/uploads\/2024\/02\/las-cumbres-horitzontal-white.svg","contentUrl":"https:\/\/www.lascumbresapart.com.ar\/wp-content\/uploads\/2024\/02\/las-cumbres-horitzontal-white.svg","caption":"Las Cumbres Apart &amp; Suites"},"image":{"@id":"https:\/\/www.lascumbresapart.com.ar\/es\/#\/schema\/logo\/image\/"}}]}},"_links":{"self":[{"href":"https:\/\/www.lascumbresapart.com.ar\/es\/wp-json\/wp\/v2\/pages\/594","targetHints":{"allow":["GET"]}}],"collection":[{"href":"https:\/\/www.lascumbresapart.com.ar\/es\/wp-json\/wp\/v2\/pages"}],"about":[{"href":"https:\/\/www.lascumbresapart.com.ar\/es\/wp-json\/wp\/v2\/types\/page"}],"author":[{"embeddable":true,"href":"https:\/\/www.lascumbresapart.com.ar\/es\/wp-json\/wp\/v2\/users\/4"}],"replies":[{"embeddable":true,"href":"https:\/\/www.lascumbresapart.com.ar\/es\/wp-json\/wp\/v2\/comments?post=594"}],"version-history":[{"count":109,"href":"https:\/\/www.lascumbresapart.com.ar\/es\/wp-json\/wp\/v2\/pages\/594\/revisions"}],"predecessor-version":[{"id":4710,"href":"https:\/\/www.lascumbresapart.com.ar\/es\/wp-json\/wp\/v2\/pages\/594\/revisions\/4710"}],"wp:attachment":[{"href":"https:\/\/www.lascumbresapart.com.ar\/es\/wp-json\/wp\/v2\/media?parent=594"}],"curies":[{"name":"wp","href":"https:\/\/api.w.org\/{rel}","templated":true}]}}